{"id":28921,"date":"2026-04-19T14:38:47","date_gmt":"2026-04-19T11:38:47","guid":{"rendered":"https:\/\/minigolfrio.ee\/privata-svinibu-telpa-tartu\/"},"modified":"2026-04-30T21:31:29","modified_gmt":"2026-04-30T18:31:29","slug":"privata-svinibu-telpa-tartu","status":"publish","type":"page","link":"https:\/\/minigolfrio.ee\/lv\/privata-svinibu-telpa-tartu\/","title":{"rendered":"Priv\u0101ta svin\u012bbu telpa Tartu"},"content":{"rendered":"\n<div class=\"wp-block-uagb-container uagb-block-9b72cd51 alignfull uagb-is-root-container\"><div class=\"uagb-container-inner-blocks-wrap\">\n<div class=\"wp-block-uagb-advanced-heading uagb-block-942d445a\"><h1 class=\"uagb-heading-text\"><strong><strong>Priv\u0101ta svin\u012bbu telpa Tartu jaunie\u0161u dzim\u0161anas dien\u0101m un pas\u0101kumiem<\/strong><br><\/strong><\/h1><\/div>\n\n\n\n<p>Ja mekl\u0113 vietu, kur nosvin\u0113t jaunie\u0161u dzim\u0161anas dienu Tartu vai akt\u012bvi pavad\u012bt laiku neliel\u0101 komp\u0101nij\u0101, Minigolf Rio priv\u0101t\u0101 svin\u012bbu telpa Tartu ir lieliska izv\u0113le. Telpa ir piem\u0113rota no 12 gadu vecuma, taj\u0101 var uz\u0146emt l\u012bdz 15 person\u0101m, un t\u0101 pied\u0101v\u0101 iesp\u0113ju apvienot sp\u0113les, kust\u012bbu un pat\u012bkamu kop\u0101 b\u016b\u0161anu priv\u0101t\u0101 vid\u0113.<\/p>\n\n\n\n<p>Tas ir labs risin\u0101jums, ja v\u0113lies atrast svin\u012bbu telpu jaunie\u0161iem Tartu, kur aktivit\u0101\u0161u pietiks visai komp\u0101nijai. Priv\u0101t\u0101 svin\u012bbu telpa ir piem\u0113rota gan dzim\u0161anas dienu svin\u0113\u0161anai, gan laika pavad\u012b\u0161anai ar draugiem, gan nelieliem pas\u0101kumiem, kuros gribas ko akt\u012bv\u0101ku par parastu sv\u0113tku galdu.<\/p>\n<\/div><\/div>\n\n\n\n<div class=\"wp-block-uagb-container uagb-block-6ee669c9 alignfull uagb-is-root-container\"><div class=\"uagb-container-inner-blocks-wrap\">\n<figure class=\"wp-block-gallery has-nested-images columns-default is-cropped wp-block-gallery-1 is-layout-flex wp-block-gallery-is-layout-flex\">\n<figure class=\"wp-block-image size-festy-thumb-square\"><img loading=\"lazy\" decoding=\"async\" width=\"890\" height=\"664\" data-id=\"26366\" src=\"https:\/\/minigolfrio.ee\/wp-content\/uploads\/2025\/03\/Zetooni-tuba-Minigilf-RIO-5_tulemus-890x664.jpg\" alt=\"\u017detonu istaba Minigolf RIO\" class=\"wp-image-26366\"><\/figure>\n\n\n\n<figure class=\"wp-block-image size-festy-thumb-square\"><img loading=\"lazy\" decoding=\"async\" width=\"890\" height=\"664\" data-id=\"26360\" src=\"https:\/\/minigolfrio.ee\/wp-content\/uploads\/2025\/03\/Zetooni-tuba-Minigilf-RIO-3_tulemus-890x664.jpg\" alt=\"\u017detonu istaba Minigolf RIO\" class=\"wp-image-26360\"><\/figure>\n\n\n\n<figure class=\"wp-block-image size-festy-thumb-square\"><img loading=\"lazy\" decoding=\"async\" width=\"890\" height=\"664\" data-id=\"26345\" src=\"https:\/\/minigolfrio.ee\/wp-content\/uploads\/2025\/03\/Zetooni-tuba-Minigilf-RIO-12_tulemus-890x664.jpg\" alt=\"\u017detonu istaba Minigolf RIO \" class=\"wp-image-26345\"><\/figure>\n<\/figure>\n<\/div><\/div>\n\n\n\n<div class=\"wp-block-uagb-container uagb-block-09155d92 alignfull uagb-is-root-container\"><div class=\"uagb-container-inner-blocks-wrap\">\n<div class=\"wp-block-uagb-container uagb-block-a0c4bb8a\">\n<div class=\"gspb_button_wrapper gspb_button-id-gsbp-7f89ac1\" id=\"gspb_button-id-gsbp-7f89ac1\"><a class=\"wp-block-greenshift-blocks-buttonbox gspb-buttonbox wp-element-button\" href=\"https:\/\/minigolfrio.ee\/wp-content\/uploads\/2026\/02\/Privaatne-peoruum-2.pdf\" target=\"_blank\" rel=\"noopener\"><span class=\"gspb-buttonbox-textwrap\"><span class=\"gspb-buttonbox-text\"><span class=\"gspb-buttonbox-title\">Izdruk\u0101 iel\u016bgumus .pdf<\/span><\/span><\/span><\/a><\/div>\n<\/div>\n\n\n\n<div class=\"wp-block-uagb-container uagb-block-b8d69f1d\">\n<div class=\"gspb_button_wrapper gspb_button-id-gsbp-3a72e1a\" id=\"gspb_button-id-gsbp-3a72e1a\"><a class=\"wp-block-greenshift-blocks-buttonbox gspb-buttonbox wp-element-button\" href=\"https:\/\/minigolfrio.ee\/wp-content\/uploads\/2026\/02\/4.png\" target=\"_blank\" rel=\"noopener\"><span class=\"gspb-buttonbox-textwrap\"><span class=\"gspb-buttonbox-text\"><span class=\"gspb-buttonbox-title\">S\u016bti iel\u016bgumus .png<\/span><\/span><\/span><\/a><\/div>\n<\/div>\n<\/div><\/div>\n\n\n\n<div class=\"wp-block-uagb-container uagb-block-a2c1ca3f alignfull uagb-is-root-container\"><div class=\"uagb-container-inner-blocks-wrap\">\n<div class=\"wp-block-uagb-container uagb-block-9bcb61f7\">\n<div class=\"wp-block-uagb-advanced-heading uagb-block-0527289b\"><h2 class=\"uagb-heading-text\">P.\u2013Piektd.<\/h2><\/div>\n\n\n\n<div class=\"wp-block-group is-vertical is-content-justification-center is-layout-flex wp-container-core-group-is-layout-b6c1f246 wp-block-group-is-layout-flex\">\n<p class=\"has-text-align-center has-text-hover-color has-text-color has-link-color wp-elements-7f76d666f952d14302063618a0abc253\" style=\"font-size:clamp(14px, 0.875rem + ((1vw - 3.2px) * 0.313), 18px);\"><strong>15.00\u201318.00<\/strong> \u2014 <strong>200 \u20ac<\/strong><\/p>\n\n\n\n<p class=\"has-text-align-center has-text-hover-color has-text-color has-link-color wp-elements-6e95ec2e214abbc474afc10a4845ef98\" style=\"font-size:clamp(14px, 0.875rem + ((1vw - 3.2px) * 0.313), 18px);\"><strong>18.00\u201321.00<\/strong> \u2014 <strong>220 \u20ac<\/strong><\/p>\n<\/div>\n<\/div>\n\n\n\n<div class=\"wp-block-uagb-container uagb-block-f90d299e\">\n<div class=\"wp-block-uagb-advanced-heading uagb-block-7ce33335\"><h2 class=\"uagb-heading-text\">S.\u2013Sv.<\/h2><\/div>\n\n\n\n<div class=\"wp-block-group is-vertical is-content-justification-center is-layout-flex wp-container-core-group-is-layout-b6c1f246 wp-block-group-is-layout-flex\">\n<p class=\"has-text-align-center has-text-hover-color has-text-color has-link-color wp-elements-59087d06f0e43a9c9999c52409f64024\" style=\"font-size:clamp(14px, 0.875rem + ((1vw - 3.2px) * 0.313), 18px);\"><strong>10.00\u201316.00<\/strong> \u2014 <strong>220 \u20ac<\/strong><\/p>\n\n\n\n<p class=\"has-text-align-center has-text-hover-color has-text-color has-link-color wp-elements-7e69377b3cb8b94c9baefc7cb4b142b4\" style=\"font-size:clamp(14px, 0.875rem + ((1vw - 3.2px) * 0.313), 18px);\"><strong>16.00\u201322.00<\/strong> \u2014 <strong>250 \u20ac<\/strong><\/p>\n<\/div>\n<\/div>\n<\/div><\/div>\n\n\n\n<div class=\"wp-block-uagb-container uagb-block-98d65814 alignfull uagb-is-root-container\"><div class=\"uagb-container-inner-blocks-wrap\">\n<div class=\"wp-block-uagb-buttons uagb-buttons__outer-wrap uagb-btn__default-btn uagb-btn-tablet__default-btn uagb-btn-mobile__default-btn uagb-block-878fce58\"><div class=\"uagb-buttons__wrap uagb-buttons-layout-wrap \">\n<div class=\"wp-block-uagb-buttons-child uagb-buttons__outer-wrap uagb-block-cdb43ead wp-block-button\"><div class=\"uagb-button__wrapper\"><a class=\"uagb-buttons-repeater wp-block-button__link\" aria-label=\"\" href=\"https:\/\/minigolfrio.ee\/lv\/?page_id=28193#privaatne\" rel=\"follow noopener\" target=\"_self\" role=\"button\"><div class=\"uagb-button__link\">Rezerv\u0113t svin\u012bbu telpu<\/div><\/a><\/div><\/div>\n\n\n\n<div class=\"wp-block-uagb-buttons-child uagb-buttons__outer-wrap uagb-block-770755cb wp-block-button\"><div class=\"uagb-button__wrapper\"><a class=\"uagb-buttons-repeater wp-block-button__link\" aria-label=\"\" href=\"https:\/\/minigolfrio.ee\/lv\/pasuti-ballitei\/\" rel=\"follow noopener\" target=\"_blank\" role=\"button\"><div class=\"uagb-button__link\">Pas\u016bti \u0113dienus<\/div><\/a><\/div><\/div>\n<\/div><\/div>\n<\/div><\/div>\n\n\n\n<div class=\"wp-block-uagb-container uagb-block-69fde05e alignfull uagb-is-root-container\"><div class=\"uagb-container-inner-blocks-wrap\">\n<div class=\"wp-block-uagb-advanced-heading uagb-block-35d5e289\"><h2 class=\"uagb-heading-text\"><strong>Kas ir iek\u013cauts priv\u0101t\u0101s svin\u012bbu telpas paket\u0113?<\/strong><br><\/h2><\/div>\n\n\n\n<p>Minigolf Rio priv\u0101t\u0101 svin\u012bbu telpa pied\u0101v\u0101 akt\u012bvu un neaizmirstamu pieredzi l\u012bdz 15 person\u0101m. Paket\u0113 ir iek\u013cauts:<\/p>\n\n\n\n<div class=\"wp-block-group is-vertical is-layout-flex wp-container-core-group-is-layout-fe9cc265 wp-block-group-is-layout-flex\">\n<ul class=\"wp-block-list\">\n<li>2 profesion\u0101li \u0161autri\u0146u me\u0161anas autom\u0101ti<\/li>\n\n\n\n<li>2 dinamiskas basketbola sp\u0113les<\/li>\n\n\n\n<li>minigolfs<\/li>\n\n\n\n<li>interakt\u012bva LED gr\u012bdas sp\u0113le<\/li>\n\n\n\n<li>batutu zonas izmanto\u0161ana 3 stundu garum\u0101<\/li>\n\n\n\n<li>neierobe\u017eots sp\u0113\u013cu skaits vis\u0101 rezerv\u0101cijas laik\u0101<\/li>\n<\/ul>\n<\/div>\n\n\n\n<p>Tas padara priv\u0101to svin\u012bbu telpu par \u012bpa\u0161i labu izv\u0113li tiem, kas mekl\u0113 <strong>akt\u012bvu dzim\u0161anas dienu Tartu<\/strong> vai v\u0113las noorganiz\u0113t jautru pas\u0101kumu jaunie\u0161iem.<\/p>\n<\/div><\/div>\n\n\n\n<div class=\"wp-block-uagb-container uagb-block-f78d030e alignfull uagb-is-root-container\"><div class=\"uagb-container-inner-blocks-wrap\">\n<div class=\"wp-block-uagb-advanced-heading uagb-block-59bb13eb\"><h2 class=\"uagb-heading-text\"><strong>\u0160autri\u0146u me\u0161ana un basketbola sp\u0113les Tartu<\/strong><\/h2><\/div>\n\n\n\n<p>Ja v\u0113lies vietu, kur papildus kop\u0101 b\u016b\u0161anai var\u0113tu ar\u012b ko re\u0101li padar\u012bt, \u0161eit tam ir lieliskas iesp\u0113jas. \u0160autri\u0146u me\u0161ana Tartu pied\u0101v\u0101 azartu, precizit\u0101ti un draudz\u012bgu sacens\u012bbu garu, savuk\u0101rt basketbola sp\u0113les Tartu pie\u0161\u0137ir tempu un ener\u0123iju.<\/p>\n\n\n\n<p>Priv\u0101t\u0101 svin\u012bbu telpa ir labi piem\u0113rota gan tiem, kas v\u0113las sav\u0101 starp\u0101 sacensties, gan tiem, kas vienk\u0101r\u0161i v\u0113las jautri pavad\u012bt laiku. T\u0101 k\u0101 sp\u0113\u013cu skaits vis\u0101 rezerv\u0101cijas laik\u0101 ir neierobe\u017eots, aktivit\u0101\u0161u pietiks visai komp\u0101nijai no s\u0101kuma l\u012bdz beig\u0101m.<\/p>\n<\/div><\/div>\n\n\n\n<div class=\"wp-block-uagb-container uagb-block-8aaf9462 alignfull uagb-is-root-container\"><div class=\"uagb-container-inner-blocks-wrap\">\n<div class=\"wp-block-uagb-advanced-heading uagb-block-f98b8a43\"><h2 class=\"uagb-heading-text\"><strong>Jaunie\u0161u dzim\u0161anas dienas Tartu<\/strong><\/h2><\/div>\n\n\n\n<p>Priv\u0101t\u0101 svin\u012bbu telpa ir lieliski piem\u0113rota tiem, kas mekl\u0113 vietu jaunie\u0161u dzim\u0161anas dienas svin\u0113\u0161anai Tartu. Telpa ir paredz\u0113ta no 12 gadu vecuma, kas padara to par labu izv\u0113li vec\u0101kiem b\u0113rniem un jaunie\u0161iem, kuri v\u0113las akt\u012bv\u0101ku un ori\u0123in\u0101l\u0101ku dzim\u0161anas dienu nek\u0101 parast\u0101 rota\u013cu istab\u0101.<\/p>\n\n\n\n<p>Telp\u0101 var uz\u0146emt l\u012bdz 15 person\u0101m, un rezerv\u0101cijas laik\u0101 visa zona ir tikai tavas komp\u0101nijas r\u012bc\u012bb\u0101. Tas rada priv\u0101tu un \u0113rtu vidi, kur\u0101 var sp\u0113l\u0113t, komunic\u0113t un sar\u012bkot neaizmirstamu ball\u012bti sav\u0101 temp\u0101.<\/p>\n<\/div><\/div>\n\n\n\n<div class=\"wp-block-uagb-container uagb-block-ebaf79be alignfull uagb-is-root-container\"><div class=\"uagb-container-inner-blocks-wrap\">\n<div class=\"wp-block-uagb-advanced-heading uagb-block-8ef566e9\"><h2 class=\"uagb-heading-text\"><strong>Priv\u0101ta svin\u012bbu telpa nelielai komp\u0101nijai<\/strong><br><\/h2><\/div>\n\n\n\n<p>Papildus dzim\u0161anas dien\u0101m priv\u0101t\u0101 svin\u012bbu telpa ir labi piem\u0113rota ar\u012b maz\u0101k\u0101m komp\u0101nij\u0101m, kas v\u0113las kop\u0101 pavad\u012bt laiku. Ja mekl\u0113 priv\u0101tu svin\u012bbu telpu Tartu, kur b\u016btu gan aktivit\u0101tes, gan pat\u012bkama atmosf\u0113ra, \u0161is risin\u0101jums apvieno abus.<\/p>\n\n\n\n<p>Priv\u0101t\u0101 telpa sniedz iesp\u0113ju pavad\u012bt laiku ar savu komp\u0101niju bez liekas k\u0146adas. T\u0101 ir piem\u0113rota draugu satik\u0161anai, neliel\u0101m svin\u012bb\u0101m vai vienk\u0101r\u0161i akt\u012bvai un jautrai laika pavad\u012b\u0161anai.<\/p>\n<\/div><\/div>\n\n\n\n<div class=\"wp-block-uagb-container uagb-block-ac76093f alignfull uagb-is-root-container\"><div class=\"uagb-container-inner-blocks-wrap\">\n<div class=\"wp-block-uagb-advanced-heading uagb-block-011023b7\"><h2 class=\"uagb-heading-text\"><strong>Pat\u012bkama atp\u016bta ar\u012b starp sp\u0113l\u0113m<\/strong><\/h2><\/div>\n\n\n\n<p>Papildus sp\u0113l\u0113m priv\u0101t\u0101 svin\u012bbu telpa pied\u0101v\u0101 ar\u012b pat\u012bkamu vidi kop\u0101 b\u016b\u0161anai. Telp\u0101 ir \u0113rti d\u012bv\u0101ni, m\u0101j\u012bgs un m\u016bsdien\u012bgs apgaismojums, k\u0101 ar\u012b iesp\u0113ja baud\u012bt dz\u0113rienus un uzkodas.<\/p>\n\n\n\n<p>Tas noz\u012bm\u0113, ka t\u0101 nav tikai sp\u0113\u013cu zona, bet gan pilnv\u0113rt\u012bga svin\u012bbu vide, kur\u0101 pa starp\u0101m var atp\u016bsties, parun\u0101ties un vienk\u0101r\u0161i baud\u012bt komp\u0101niju. Tie\u0161i tas padara priv\u0101to svin\u012bbu telpu par labu izv\u0113li jaunie\u0161u dzim\u0161anas dienai vai nelielam pas\u0101kumam Tartu.<\/p>\n\n\n\n<div class=\"wp-block-uagb-advanced-heading uagb-block-4ede8124\"><h2 class=\"uagb-heading-text\"><strong>Rezerv\u0113 priv\u0101to svin\u012bbu telpu Tartu jau \u0161odien<\/strong> un noorganiz\u0113 akt\u012bvu un neaizmirstamu dzim\u0161anas dienu vai pas\u0101kumu l\u012bdz 15 person\u0101m.<\/h2><\/div>\n\n\n\n<div class=\"wp-block-uagb-buttons uagb-buttons__outer-wrap uagb-btn__default-btn uagb-btn-tablet__default-btn uagb-btn-mobile__default-btn uagb-block-6d89e7d7\"><div class=\"uagb-buttons__wrap uagb-buttons-layout-wrap \">\n<div class=\"wp-block-uagb-buttons-child uagb-buttons__outer-wrap uagb-block-e2511490 wp-block-button\"><div class=\"uagb-button__wrapper\"><a class=\"uagb-buttons-repeater wp-block-button__link\" aria-label=\"\" href=\"https:\/\/minigolfrio.ee\/lv\/?page_id=28193#privaatne\" rel=\"follow noopener\" target=\"_self\" role=\"button\"><div class=\"uagb-button__link\">Rezerv\u0113t svin\u012bbu telpu<\/div><\/a><\/div><\/div>\n<\/div><\/div>\n<\/div><\/div>\n","protected":false},"excerpt":{"rendered":"<p>Priv\u0101ta svin\u012bbu telpa Tartu jaunie\u0161u dzim\u0161anas dien\u0101m un pas\u0101kumiem Ja mekl\u0113 vietu, kur nosvin\u0113t jaunie\u0161u dzim\u0161anas dienu Tartu vai akt\u012bvi pavad\u012bt laiku neliel\u0101 komp\u0101nij\u0101, Minigolf Rio priv\u0101t\u0101 svin\u012bbu telpa Tartu ir lieliska izv\u0113le. Telpa ir piem\u0113rota no 12 gadu vecuma, taj\u0101 var uz\u0146emt l\u012bdz 15 person\u0101m, un t\u0101 pied\u0101v\u0101 iesp\u0113ju apvienot sp\u0113les, kust\u012bbu un pat\u012bkamu [&hellip;]<\/p>\n","protected":false},"author":8,"featured_media":0,"parent":0,"menu_order":0,"comment_status":"closed","ping_status":"closed","template":"","meta":{"_gspb_post_css":"#gspb_button-id-gsbp-7f89ac1 .gspb-buttonbox-text{display:flex;flex-direction:column}#gspb_button-id-gsbp-7f89ac1>.gspb-buttonbox{box-sizing:border-box;background-color:var(--wp--preset--color--text-hover, #608638)}#gspb_button-id-gsbp-7f89ac1>.gspb-buttonbox,#gspb_button-id-gsbp-7f89ac1>.gspb-buttonbox:hover{color:var(--wp--preset--color--text-on-secondary, #fffffc)}#gspb_button-id-gsbp-3a72e1a>.gspb-buttonbox>.gspb_backgroundOverlay,#gspb_button-id-gsbp-7f89ac1>.gspb-buttonbox,#gspb_button-id-gsbp-7f89ac1>.gspb-buttonbox>.gspb_backgroundOverlay{border-top-left-radius:24px;border-top-right-radius:24px;border-bottom-right-radius:24px;border-bottom-left-radius:24px}#gspb_button-id-gsbp-3a72e1a,#gspb_button-id-gsbp-7f89ac1{display:flex;justify-content:center}#gspb_button-id-gsbp-3a72e1a .gspb-buttonbox-text{display:flex;flex-direction:column}#gspb_button-id-gsbp-3a72e1a>.gspb-buttonbox{box-sizing:border-box;margin-bottom:0;background-color:var(--wp--preset--color--text-light, #ffa51d);color:var(--wp--preset--color--text-on-secondary, #fffffc);border-top-left-radius:24px;border-top-right-radius:24px;border-bottom-right-radius:24px;border-bottom-left-radius:24px}","inline_featured_image":false,"_uag_custom_page_level_css":"","footnotes":""},"class_list":["post-28921","page","type-page","status-publish","hentry"],"blocksy_meta":[],"yoast_head":"<!-- This site is optimized with the Yoast SEO plugin v27.5 - https:\/\/yoast.com\/product\/yoast-seo-wordpress\/ -->\n<title>Priv\u0101ta svin\u012bbu telpa Tartu -<\/title>\n<meta name=\"robots\" content=\"index, follow, max-snippet:-1, max-image-preview:large, max-video-preview:-1\" \/>\n<link rel=\"canonical\" href=\"https:\/\/minigolfrio.ee\/lv\/privata-svinibu-telpa-tartu\/\" \/>\n<meta property=\"og:locale\" content=\"lv_LV\" \/>\n<meta property=\"og:type\" content=\"article\" \/>\n<meta property=\"og:title\" content=\"Priv\u0101ta svin\u012bbu telpa Tartu -\" \/>\n<meta property=\"og:description\" content=\"Priv\u0101ta svin\u012bbu telpa Tartu jaunie\u0161u dzim\u0161anas dien\u0101m un pas\u0101kumiem Ja mekl\u0113 vietu, kur nosvin\u0113t jaunie\u0161u dzim\u0161anas dienu Tartu vai akt\u012bvi pavad\u012bt laiku neliel\u0101 komp\u0101nij\u0101, Minigolf Rio priv\u0101t\u0101 svin\u012bbu telpa Tartu ir lieliska izv\u0113le. Telpa ir piem\u0113rota no 12 gadu vecuma, taj\u0101 var uz\u0146emt l\u012bdz 15 person\u0101m, un t\u0101 pied\u0101v\u0101 iesp\u0113ju apvienot sp\u0113les, kust\u012bbu un pat\u012bkamu [&hellip;]\" \/>\n<meta property=\"og:url\" content=\"https:\/\/minigolfrio.ee\/lv\/privata-svinibu-telpa-tartu\/\" \/>\n<meta property=\"article:publisher\" content=\"https:\/\/www.facebook.com\/minigolfrio\" \/>\n<meta property=\"article:modified_time\" content=\"2026-04-30T18:31:29+00:00\" \/>\n<meta property=\"og:image\" content=\"https:\/\/minigolfrio.ee\/wp-content\/uploads\/2025\/03\/Zetooni-tuba-Minigilf-RIO-5_tulemus.jpg\" \/>\n\t<meta property=\"og:image:width\" content=\"2560\" \/>\n\t<meta property=\"og:image:height\" content=\"1707\" \/>\n\t<meta property=\"og:image:type\" content=\"image\/jpeg\" \/>\n<meta name=\"twitter:card\" content=\"summary_large_image\" \/>\n<meta name=\"twitter:label1\" content=\"Est. reading time\" \/>\n\t<meta name=\"twitter:data1\" content=\"4 min\u016btes\" \/>\n<script type=\"application\/ld+json\" class=\"yoast-schema-graph\">{\"@context\":\"https:\\\/\\\/schema.org\",\"@graph\":[{\"@type\":\"WebPage\",\"@id\":\"https:\\\/\\\/minigolfrio.ee\\\/lv\\\/privata-svinibu-telpa-tartu\\\/\",\"url\":\"https:\\\/\\\/minigolfrio.ee\\\/lv\\\/privata-svinibu-telpa-tartu\\\/\",\"name\":\"Priv\u0101ta svin\u012bbu telpa Tartu -\",\"isPartOf\":{\"@id\":\"https:\\\/\\\/minigolfrio.ee\\\/#website\"},\"primaryImageOfPage\":{\"@id\":\"https:\\\/\\\/minigolfrio.ee\\\/lv\\\/privata-svinibu-telpa-tartu\\\/#primaryimage\"},\"image\":{\"@id\":\"https:\\\/\\\/minigolfrio.ee\\\/lv\\\/privata-svinibu-telpa-tartu\\\/#primaryimage\"},\"thumbnailUrl\":\"https:\\\/\\\/minigolfrio.ee\\\/wp-content\\\/uploads\\\/2025\\\/03\\\/Zetooni-tuba-Minigilf-RIO-5_tulemus-890x664.jpg\",\"datePublished\":\"2026-04-19T11:38:47+00:00\",\"dateModified\":\"2026-04-30T18:31:29+00:00\",\"breadcrumb\":{\"@id\":\"https:\\\/\\\/minigolfrio.ee\\\/lv\\\/privata-svinibu-telpa-tartu\\\/#breadcrumb\"},\"inLanguage\":\"lv-LV\",\"potentialAction\":[{\"@type\":\"ReadAction\",\"target\":[\"https:\\\/\\\/minigolfrio.ee\\\/lv\\\/privata-svinibu-telpa-tartu\\\/\"]}]},{\"@type\":\"ImageObject\",\"inLanguage\":\"lv-LV\",\"@id\":\"https:\\\/\\\/minigolfrio.ee\\\/lv\\\/privata-svinibu-telpa-tartu\\\/#primaryimage\",\"url\":\"https:\\\/\\\/minigolfrio.ee\\\/wp-content\\\/uploads\\\/2025\\\/03\\\/Zetooni-tuba-Minigilf-RIO-5_tulemus-890x664.jpg\",\"contentUrl\":\"https:\\\/\\\/minigolfrio.ee\\\/wp-content\\\/uploads\\\/2025\\\/03\\\/Zetooni-tuba-Minigilf-RIO-5_tulemus-890x664.jpg\"},{\"@type\":\"BreadcrumbList\",\"@id\":\"https:\\\/\\\/minigolfrio.ee\\\/lv\\\/privata-svinibu-telpa-tartu\\\/#breadcrumb\",\"itemListElement\":[{\"@type\":\"ListItem\",\"position\":1,\"name\":\"Home\",\"item\":\"https:\\\/\\\/minigolfrio.ee\\\/lv\\\/\"},{\"@type\":\"ListItem\",\"position\":2,\"name\":\"Priv\u0101ta svin\u012bbu telpa Tartu\"}]},{\"@type\":\"WebSite\",\"@id\":\"https:\\\/\\\/minigolfrio.ee\\\/#website\",\"url\":\"https:\\\/\\\/minigolfrio.ee\\\/\",\"name\":\"Minigolf Rio\",\"description\":\"Ainulaadne vabaajakeskus Tartus\",\"publisher\":{\"@id\":\"https:\\\/\\\/minigolfrio.ee\\\/#organization\"},\"potentialAction\":[{\"@type\":\"SearchAction\",\"target\":{\"@type\":\"EntryPoint\",\"urlTemplate\":\"https:\\\/\\\/minigolfrio.ee\\\/?s={search_term_string}\"},\"query-input\":{\"@type\":\"PropertyValueSpecification\",\"valueRequired\":true,\"valueName\":\"search_term_string\"}}],\"inLanguage\":\"lv-LV\"},{\"@type\":\"Organization\",\"@id\":\"https:\\\/\\\/minigolfrio.ee\\\/#organization\",\"name\":\"Minigolf Rio\",\"url\":\"https:\\\/\\\/minigolfrio.ee\\\/\",\"logo\":{\"@type\":\"ImageObject\",\"inLanguage\":\"lv-LV\",\"@id\":\"https:\\\/\\\/minigolfrio.ee\\\/#\\\/schema\\\/logo\\\/image\\\/\",\"url\":\"https:\\\/\\\/minigolfrio.ee\\\/wp-content\\\/uploads\\\/2025\\\/03\\\/Rio-minigolf-Logo-labipaistev-1.svg\",\"contentUrl\":\"https:\\\/\\\/minigolfrio.ee\\\/wp-content\\\/uploads\\\/2025\\\/03\\\/Rio-minigolf-Logo-labipaistev-1.svg\",\"width\":85,\"height\":85,\"caption\":\"Minigolf Rio\"},\"image\":{\"@id\":\"https:\\\/\\\/minigolfrio.ee\\\/#\\\/schema\\\/logo\\\/image\\\/\"},\"sameAs\":[\"https:\\\/\\\/www.facebook.com\\\/minigolfrio\",\"https:\\\/\\\/www.instagram.com\\\/minigolfrio\\\/\"]}]}<\/script>\n<!-- \/ Yoast SEO plugin. -->","yoast_head_json":{"title":"Priv\u0101ta svin\u012bbu telpa Tartu -","robots":{"index":"index","follow":"follow","max-snippet":"max-snippet:-1","max-image-preview":"max-image-preview:large","max-video-preview":"max-video-preview:-1"},"canonical":"https:\/\/minigolfrio.ee\/lv\/privata-svinibu-telpa-tartu\/","og_locale":"lv_LV","og_type":"article","og_title":"Priv\u0101ta svin\u012bbu telpa Tartu -","og_description":"Priv\u0101ta svin\u012bbu telpa Tartu jaunie\u0161u dzim\u0161anas dien\u0101m un pas\u0101kumiem Ja mekl\u0113 vietu, kur nosvin\u0113t jaunie\u0161u dzim\u0161anas dienu Tartu vai akt\u012bvi pavad\u012bt laiku neliel\u0101 komp\u0101nij\u0101, Minigolf Rio priv\u0101t\u0101 svin\u012bbu telpa Tartu ir lieliska izv\u0113le. Telpa ir piem\u0113rota no 12 gadu vecuma, taj\u0101 var uz\u0146emt l\u012bdz 15 person\u0101m, un t\u0101 pied\u0101v\u0101 iesp\u0113ju apvienot sp\u0113les, kust\u012bbu un pat\u012bkamu [&hellip;]","og_url":"https:\/\/minigolfrio.ee\/lv\/privata-svinibu-telpa-tartu\/","article_publisher":"https:\/\/www.facebook.com\/minigolfrio","article_modified_time":"2026-04-30T18:31:29+00:00","og_image":[{"width":2560,"height":1707,"url":"https:\/\/minigolfrio.ee\/wp-content\/uploads\/2025\/03\/Zetooni-tuba-Minigilf-RIO-5_tulemus.jpg","type":"image\/jpeg"}],"twitter_card":"summary_large_image","twitter_misc":{"Est. reading time":"4 min\u016btes"},"schema":{"@context":"https:\/\/schema.org","@graph":[{"@type":"WebPage","@id":"https:\/\/minigolfrio.ee\/lv\/privata-svinibu-telpa-tartu\/","url":"https:\/\/minigolfrio.ee\/lv\/privata-svinibu-telpa-tartu\/","name":"Priv\u0101ta svin\u012bbu telpa Tartu -","isPartOf":{"@id":"https:\/\/minigolfrio.ee\/#website"},"primaryImageOfPage":{"@id":"https:\/\/minigolfrio.ee\/lv\/privata-svinibu-telpa-tartu\/#primaryimage"},"image":{"@id":"https:\/\/minigolfrio.ee\/lv\/privata-svinibu-telpa-tartu\/#primaryimage"},"thumbnailUrl":"https:\/\/minigolfrio.ee\/wp-content\/uploads\/2025\/03\/Zetooni-tuba-Minigilf-RIO-5_tulemus-890x664.jpg","datePublished":"2026-04-19T11:38:47+00:00","dateModified":"2026-04-30T18:31:29+00:00","breadcrumb":{"@id":"https:\/\/minigolfrio.ee\/lv\/privata-svinibu-telpa-tartu\/#breadcrumb"},"inLanguage":"lv-LV","potentialAction":[{"@type":"ReadAction","target":["https:\/\/minigolfrio.ee\/lv\/privata-svinibu-telpa-tartu\/"]}]},{"@type":"ImageObject","inLanguage":"lv-LV","@id":"https:\/\/minigolfrio.ee\/lv\/privata-svinibu-telpa-tartu\/#primaryimage","url":"https:\/\/minigolfrio.ee\/wp-content\/uploads\/2025\/03\/Zetooni-tuba-Minigilf-RIO-5_tulemus-890x664.jpg","contentUrl":"https:\/\/minigolfrio.ee\/wp-content\/uploads\/2025\/03\/Zetooni-tuba-Minigilf-RIO-5_tulemus-890x664.jpg"},{"@type":"BreadcrumbList","@id":"https:\/\/minigolfrio.ee\/lv\/privata-svinibu-telpa-tartu\/#breadcrumb","itemListElement":[{"@type":"ListItem","position":1,"name":"Home","item":"https:\/\/minigolfrio.ee\/lv\/"},{"@type":"ListItem","position":2,"name":"Priv\u0101ta svin\u012bbu telpa Tartu"}]},{"@type":"WebSite","@id":"https:\/\/minigolfrio.ee\/#website","url":"https:\/\/minigolfrio.ee\/","name":"Minigolf Rio","description":"Ainulaadne vabaajakeskus Tartus","publisher":{"@id":"https:\/\/minigolfrio.ee\/#organization"},"potentialAction":[{"@type":"SearchAction","target":{"@type":"EntryPoint","urlTemplate":"https:\/\/minigolfrio.ee\/?s={search_term_string}"},"query-input":{"@type":"PropertyValueSpecification","valueRequired":true,"valueName":"search_term_string"}}],"inLanguage":"lv-LV"},{"@type":"Organization","@id":"https:\/\/minigolfrio.ee\/#organization","name":"Minigolf Rio","url":"https:\/\/minigolfrio.ee\/","logo":{"@type":"ImageObject","inLanguage":"lv-LV","@id":"https:\/\/minigolfrio.ee\/#\/schema\/logo\/image\/","url":"https:\/\/minigolfrio.ee\/wp-content\/uploads\/2025\/03\/Rio-minigolf-Logo-labipaistev-1.svg","contentUrl":"https:\/\/minigolfrio.ee\/wp-content\/uploads\/2025\/03\/Rio-minigolf-Logo-labipaistev-1.svg","width":85,"height":85,"caption":"Minigolf Rio"},"image":{"@id":"https:\/\/minigolfrio.ee\/#\/schema\/logo\/image\/"},"sameAs":["https:\/\/www.facebook.com\/minigolfrio","https:\/\/www.instagram.com\/minigolfrio\/"]}]}},"uagb_featured_image_src":{"full":false,"thumbnail":false,"medium":false,"medium_large":false,"large":false,"1536x1536":false,"2048x2048":false,"woocommerce_archive_thumbnail":false,"woocommerce_thumbnail":false,"woocommerce_single":false,"woocommerce_gallery_thumbnail":false},"uagb_author_info":{"display_name":"Tiina","author_link":"https:\/\/minigolfrio.ee\/lv\/author\/tiina\/"},"uagb_comment_info":0,"uagb_excerpt":"Priv\u0101ta svin\u012bbu telpa Tartu jaunie\u0161u dzim\u0161anas dien\u0101m un pas\u0101kumiem Ja mekl\u0113 vietu, kur nosvin\u0113t jaunie\u0161u dzim\u0161anas dienu Tartu vai akt\u012bvi pavad\u012bt laiku neliel\u0101 komp\u0101nij\u0101, Minigolf Rio priv\u0101t\u0101 svin\u012bbu telpa Tartu ir lieliska izv\u0113le. Telpa ir piem\u0113rota no 12 gadu vecuma, taj\u0101 var uz\u0146emt l\u012bdz 15 person\u0101m, un t\u0101 pied\u0101v\u0101 iesp\u0113ju apvienot sp\u0113les, kust\u012bbu un pat\u012bkamu&hellip;","_links":{"self":[{"href":"https:\/\/minigolfrio.ee\/lv\/wp-json\/wp\/v2\/pages\/28921","targetHints":{"allow":["GET"]}}],"collection":[{"href":"https:\/\/minigolfrio.ee\/lv\/wp-json\/wp\/v2\/pages"}],"about":[{"href":"https:\/\/minigolfrio.ee\/lv\/wp-json\/wp\/v2\/types\/page"}],"author":[{"embeddable":true,"href":"https:\/\/minigolfrio.ee\/lv\/wp-json\/wp\/v2\/users\/8"}],"replies":[{"embeddable":true,"href":"https:\/\/minigolfrio.ee\/lv\/wp-json\/wp\/v2\/comments?post=28921"}],"version-history":[{"count":1,"href":"https:\/\/minigolfrio.ee\/lv\/wp-json\/wp\/v2\/pages\/28921\/revisions"}],"predecessor-version":[{"id":28926,"href":"https:\/\/minigolfrio.ee\/lv\/wp-json\/wp\/v2\/pages\/28921\/revisions\/28926"}],"wp:attachment":[{"href":"https:\/\/minigolfrio.ee\/lv\/wp-json\/wp\/v2\/media?parent=28921"}],"curies":[{"name":"wp","href":"https:\/\/api.w.org\/{rel}","templated":true}]}}